{"id":183,"date":"2024-07-08T23:42:52","date_gmt":"2024-07-08T23:42:52","guid":{"rendered":"https:\/\/www.jurisprudencia.gob.sv\/ddj\/?page_id=183"},"modified":"2025-10-06T09:19:21","modified_gmt":"2025-10-06T15:19:21","slug":"legislacion-judicial","status":"publish","type":"page","link":"https:\/\/www.jurisprudencia.gob.sv\/ddj\/legislacion-judicial\/","title":{"rendered":"Legislaci\u00f3n Judicial"},"content":{"rendered":"\n<div class=\"wp-block-cover alignfull\" style=\"min-height:392px;aspect-ratio:unset;\"><span aria-hidden=\"true\" class=\"wp-block-cover__background has-background-dim-60 has-background-dim\" style=\"background-color:#565960\"><\/span><img loading=\"lazy\" decoding=\"async\" width=\"1874\" height=\"914\" class=\"wp-block-cover__image-background wp-image-36\" alt=\"\" src=\"https:\/\/www.jurisprudencia.gob.sv\/ddj\/wp-content\/uploads\/2024\/07\/IMG_6291V2-01-2.png\" data-object-fit=\"cover\" srcset=\"https:\/\/www.jurisprudencia.gob.sv\/ddj\/wp-content\/uploads\/2024\/07\/IMG_6291V2-01-2.png 1874w, https:\/\/www.jurisprudencia.gob.sv\/ddj\/wp-content\/uploads\/2024\/07\/IMG_6291V2-01-2-300x146.png 300w, https:\/\/www.jurisprudencia.gob.sv\/ddj\/wp-content\/uploads\/2024\/07\/IMG_6291V2-01-2-1024x499.png 1024w, https:\/\/www.jurisprudencia.gob.sv\/ddj\/wp-content\/uploads\/2024\/07\/IMG_6291V2-01-2-768x375.png 768w, https:\/\/www.jurisprudencia.gob.sv\/ddj\/wp-content\/uploads\/2024\/07\/IMG_6291V2-01-2-1536x749.png 1536w\" sizes=\"(max-width: 1874px) 100vw, 1874px\" \/><div class=\"wp-block-cover__inner-container is-layout-flow wp-block-cover-is-layout-flow\">\n<h2 class=\"wp-block-heading alignwide has-text-align-center has-text-color\" style=\"color:#ffe074;font-size:64px\">Legislaci\u00f3n Judicial<\/h2>\n<\/div><\/div>\n\n\n\n<hr class=\"wp-block-separator has-alpha-channel-opacity\"\/>\n\n\n\n<p class=\"has-text-align-center\">El Departamento de Documentaci\u00f3n Judicial pone a su disposici\u00f3n la Legislaci\u00f3n en materia Judicial ingresada a sus bases de datos, seg\u00fan publicaci\u00f3n del Diario Oficial.<\/p>\n\n\n\n<div style=\"height:13px\" aria-hidden=\"true\" class=\"wp-block-spacer\"><\/div>\n\n\n\n<div class=\"wp-block-columns is-layout-flex wp-container-core-columns-is-layout-1 wp-block-columns-is-layout-flex\">\n<div class=\"wp-block-column is-layout-flow wp-block-column-is-layout-flow\"><div class=\"wp-block-image\">\n<figure class=\"aligncenter size-full is-resized\"><img loading=\"lazy\" decoding=\"async\" width=\"512\" height=\"512\" src=\"https:\/\/www.jurisprudencia.gob.sv\/ddj\/wp-content\/uploads\/2024\/08\/turn-pages_15307453.png\" alt=\"\" class=\"wp-image-572\" style=\"width:79px;height:auto\" srcset=\"https:\/\/www.jurisprudencia.gob.sv\/ddj\/wp-content\/uploads\/2024\/08\/turn-pages_15307453.png 512w, https:\/\/www.jurisprudencia.gob.sv\/ddj\/wp-content\/uploads\/2024\/08\/turn-pages_15307453-300x300.png 300w, https:\/\/www.jurisprudencia.gob.sv\/ddj\/wp-content\/uploads\/2024\/08\/turn-pages_15307453-150x150.png 150w\" sizes=\"(max-width: 512px) 100vw, 512px\" \/><\/figure><\/div>\n\n\n<h3 class=\"wp-block-heading has-text-align-center\"><strong><strong><strong><a href=\"https:\/\/www.jurisprudencia.gob.sv\/busqueda\/showFile.php?bd=2&amp;data=DocumentosBoveda%2FD%2F2%2F2020-2029%2F2025%2F07%2F10BE5D.PDF&amp;number=1097309&amp;fecha=16\/07\/2025&amp;numero=INSTRUCTIVO=PARA=EL=EXAMEN=DE=SUFICIENCIA=PARA=LOS=ABOGADOS=ASPIRANTES=A=LA=AUTORIZACION=DEL=EJERCICIO=DE=LA=FUNCION=PUBLICA=NOTARIAL=EN=LINEA&amp;cesta=0&amp;singlePage=false%27\" target=\"_blank\" rel=\"noreferrer noopener\">INSTRUCTIVO PARA EL EXAMEN DE SUFICIENCIA PARA LOS ABOGADOS ASPIRANTES A LA AUTORIZACION DEL EJERCICIO DE LA FUNCION PUBLICA NOTARIAL EN LINEA<\/a><\/strong><\/strong><\/strong><\/h3>\n<\/div>\n\n\n\n<div class=\"wp-block-column is-layout-flow wp-block-column-is-layout-flow\"><\/div>\n\n\n\n<div class=\"wp-block-column is-layout-flow wp-block-column-is-layout-flow\"><\/div>\n\n\n\n<div class=\"wp-block-column is-layout-flow wp-block-column-is-layout-flow\"><\/div>\n<\/div>\n\n\n\n<div class=\"wp-block-columns is-layout-flex wp-container-core-columns-is-layout-2 wp-block-columns-is-layout-flex\">\n<div class=\"wp-block-column is-layout-flow wp-block-column-is-layout-flow\"><div class=\"wp-block-image\">\n<figure class=\"aligncenter size-full is-resized\"><img loading=\"lazy\" decoding=\"async\" width=\"512\" height=\"512\" src=\"https:\/\/www.jurisprudencia.gob.sv\/ddj\/wp-content\/uploads\/2024\/08\/turn-pages_15307453.png\" alt=\"\" class=\"wp-image-572\" style=\"width:79px;height:auto\" srcset=\"https:\/\/www.jurisprudencia.gob.sv\/ddj\/wp-content\/uploads\/2024\/08\/turn-pages_15307453.png 512w, https:\/\/www.jurisprudencia.gob.sv\/ddj\/wp-content\/uploads\/2024\/08\/turn-pages_15307453-300x300.png 300w, https:\/\/www.jurisprudencia.gob.sv\/ddj\/wp-content\/uploads\/2024\/08\/turn-pages_15307453-150x150.png 150w\" sizes=\"(max-width: 512px) 100vw, 512px\" \/><\/figure><\/div>\n\n\n<h3 class=\"wp-block-heading has-text-align-center\"><strong><strong><a href=\"https:\/\/www.jurisprudencia.gob.sv\/busqueda\/showFile.php?bd=2&amp;data=DocumentosBoveda%2FD%2F2%2F1900-1909%2F1900%2F01%2FDFD0B.PDF&amp;number=916747&amp;fecha=01\/01\/1900&amp;numero=REGLAS=BASICAS=Y=CONDICIONES=PARA=EL=USO=DEL=SISTEMA=DE=NOTIFICACION=ELECTRONICA=DEL=ORGANO=JUDICIAL&amp;cesta=0&amp;singlePage=false%27\" target=\"_blank\" rel=\"noreferrer noopener\">REGLAS BASICAS Y CONDICIONES PARA EL USO DEL SISTEMA DE NOTIFICACION ELECTRONICA DEL ORGANO JUDICIAL<\/a><\/strong><\/strong><\/h3>\n<\/div>\n\n\n\n<div class=\"wp-block-column is-layout-flow wp-block-column-is-layout-flow\"><div class=\"wp-block-image\">\n<figure class=\"aligncenter size-full is-resized\"><img loading=\"lazy\" decoding=\"async\" width=\"512\" height=\"512\" src=\"https:\/\/www.jurisprudencia.gob.sv\/ddj\/wp-content\/uploads\/2024\/08\/turn-pages_15307453.png\" alt=\"\" class=\"wp-image-572\" style=\"width:79px;height:auto\" srcset=\"https:\/\/www.jurisprudencia.gob.sv\/ddj\/wp-content\/uploads\/2024\/08\/turn-pages_15307453.png 512w, https:\/\/www.jurisprudencia.gob.sv\/ddj\/wp-content\/uploads\/2024\/08\/turn-pages_15307453-300x300.png 300w, https:\/\/www.jurisprudencia.gob.sv\/ddj\/wp-content\/uploads\/2024\/08\/turn-pages_15307453-150x150.png 150w\" sizes=\"(max-width: 512px) 100vw, 512px\" \/><\/figure><\/div>\n\n\n<h3 class=\"wp-block-heading has-text-align-center\"><strong><strong><strong><a href=\"https:\/\/www.jurisprudencia.gob.sv\/busqueda\/showFile.php?bd=2&amp;data=DocumentosBoveda%2FD%2F2%2F1900-1909%2F1900%2F01%2FAB3E5.PDF&amp;number=701413&amp;fecha=01\/01\/1900&amp;numero=REGLAS=BASICAS=PARA=CENTROS=JUDICIALES=INTEGRADOS&amp;cesta=0&amp;singlePage=false%27\" target=\"_blank\" rel=\"noreferrer noopener\">REGLAS BASICAS PARA CENTROS JUDICIALES INTEGRADOS<\/a><\/strong><\/strong><\/strong><\/h3>\n<\/div>\n\n\n\n<div class=\"wp-block-column is-layout-flow wp-block-column-is-layout-flow\"><div class=\"wp-block-image\">\n<figure class=\"aligncenter size-full is-resized\"><img loading=\"lazy\" decoding=\"async\" width=\"512\" height=\"512\" src=\"https:\/\/www.jurisprudencia.gob.sv\/ddj\/wp-content\/uploads\/2024\/08\/turn-pages_15307453.png\" alt=\"\" class=\"wp-image-572\" style=\"width:77px;height:auto\" srcset=\"https:\/\/www.jurisprudencia.gob.sv\/ddj\/wp-content\/uploads\/2024\/08\/turn-pages_15307453.png 512w, https:\/\/www.jurisprudencia.gob.sv\/ddj\/wp-content\/uploads\/2024\/08\/turn-pages_15307453-300x300.png 300w, https:\/\/www.jurisprudencia.gob.sv\/ddj\/wp-content\/uploads\/2024\/08\/turn-pages_15307453-150x150.png 150w\" sizes=\"(max-width: 512px) 100vw, 512px\" \/><\/figure><\/div>\n\n\n<h3 class=\"wp-block-heading has-text-align-center\"><strong><strong><a href=\"https:\/\/www.jurisprudencia.gob.sv\/busqueda\/showFile.php?bd=2&amp;data=DocumentosBoveda%2FD%2F2%2F1900-1909%2F1900%2F01%2FEFE5F.PDF&amp;number=982623&amp;fecha=01\/01\/1900&amp;numero=REGLAMENTO=DE=FUNCIONAMIENTO=DE=LOS=JUZGADOS=PLURIPERSONALES=DE=PAZ=Y=DE=PRIMERA=INSTANCIA&amp;cesta=0&amp;singlePage=false%27\" target=\"_blank\" rel=\"noreferrer noopener\">REGLAMENTO DE FUNCIONAMIENTO DE LOS JUZGADOS PLURIPERSONALES DE PAZ Y DE PRIMERA INSTANCIA<\/a><\/strong><\/strong><\/h3>\n<\/div>\n\n\n\n<div class=\"wp-block-column is-layout-flow wp-block-column-is-layout-flow\"><div class=\"wp-block-image\">\n<figure class=\"aligncenter size-full is-resized\"><img loading=\"lazy\" decoding=\"async\" width=\"512\" height=\"512\" src=\"https:\/\/www.jurisprudencia.gob.sv\/ddj\/wp-content\/uploads\/2024\/08\/turn-pages_15307453.png\" alt=\"\" class=\"wp-image-572\" style=\"width:75px;height:auto\" srcset=\"https:\/\/www.jurisprudencia.gob.sv\/ddj\/wp-content\/uploads\/2024\/08\/turn-pages_15307453.png 512w, https:\/\/www.jurisprudencia.gob.sv\/ddj\/wp-content\/uploads\/2024\/08\/turn-pages_15307453-300x300.png 300w, https:\/\/www.jurisprudencia.gob.sv\/ddj\/wp-content\/uploads\/2024\/08\/turn-pages_15307453-150x150.png 150w\" sizes=\"(max-width: 512px) 100vw, 512px\" \/><\/figure><\/div>\n\n\n<h3 class=\"wp-block-heading has-text-align-center\"><strong><strong><a href=\"https:\/\/www.jurisprudencia.gob.sv\/busqueda\/showFile.php?bd=2&amp;data=DocumentosBoveda%2FD%2F2%2F2010-2019%2F2014%2F02%2FA4BFF.PDF&amp;number=674815&amp;fecha=06\/02\/2014&amp;numero=CODIGO=DE=ETICA=JUDICIAL=DE=EL=SALVADOR&amp;cesta=0&amp;singlePage=false%27\" target=\"_blank\" rel=\"noreferrer noopener\">CODIGO DE ETICA JUDICIAL DE EL SALVADOR<\/a><\/strong><\/strong><\/h3>\n<\/div>\n<\/div>\n\n\n\n<div class=\"wp-block-columns is-layout-flex wp-container-core-columns-is-layout-3 wp-block-columns-is-layout-flex\">\n<div class=\"wp-block-column is-layout-flow wp-block-column-is-layout-flow\"><div class=\"wp-block-image\">\n<figure class=\"aligncenter size-full is-resized\"><img loading=\"lazy\" decoding=\"async\" width=\"512\" height=\"512\" src=\"https:\/\/www.jurisprudencia.gob.sv\/ddj\/wp-content\/uploads\/2024\/08\/turn-pages_15307453.png\" alt=\"\" class=\"wp-image-572\" style=\"width:79px;height:auto\" srcset=\"https:\/\/www.jurisprudencia.gob.sv\/ddj\/wp-content\/uploads\/2024\/08\/turn-pages_15307453.png 512w, https:\/\/www.jurisprudencia.gob.sv\/ddj\/wp-content\/uploads\/2024\/08\/turn-pages_15307453-300x300.png 300w, https:\/\/www.jurisprudencia.gob.sv\/ddj\/wp-content\/uploads\/2024\/08\/turn-pages_15307453-150x150.png 150w\" sizes=\"(max-width: 512px) 100vw, 512px\" \/><\/figure><\/div>\n\n\n<h3 class=\"wp-block-heading has-text-align-center\"><strong><strong><a href=\"https:\/\/www.jurisprudencia.gob.sv\/busqueda\/showFile.php?bd=2&amp;data=DocumentosBoveda%2FD%2F2%2F1980-1989%2F1984%2F06%2F88A3A.PDF&amp;number=559674&amp;fecha=20\/06\/1984&amp;numero=LEY=ORGANICA=JUDICIAL&amp;cesta=0&amp;singlePage=false%27\" target=\"_blank\" rel=\"noreferrer noopener\">LEY ORGANICA JUDICIAL<\/a><\/strong><\/strong><\/h3>\n<\/div>\n\n\n\n<div class=\"wp-block-column is-layout-flow wp-block-column-is-layout-flow\"><div class=\"wp-block-image\">\n<figure class=\"aligncenter size-full is-resized\"><img loading=\"lazy\" decoding=\"async\" width=\"512\" height=\"512\" src=\"https:\/\/www.jurisprudencia.gob.sv\/ddj\/wp-content\/uploads\/2024\/08\/turn-pages_15307453.png\" alt=\"\" class=\"wp-image-572\" style=\"width:79px;height:auto\" srcset=\"https:\/\/www.jurisprudencia.gob.sv\/ddj\/wp-content\/uploads\/2024\/08\/turn-pages_15307453.png 512w, https:\/\/www.jurisprudencia.gob.sv\/ddj\/wp-content\/uploads\/2024\/08\/turn-pages_15307453-300x300.png 300w, https:\/\/www.jurisprudencia.gob.sv\/ddj\/wp-content\/uploads\/2024\/08\/turn-pages_15307453-150x150.png 150w\" sizes=\"(max-width: 512px) 100vw, 512px\" \/><\/figure><\/div>\n\n\n<h3 class=\"wp-block-heading has-text-align-center\"><strong><strong><strong><a href=\"https:\/\/www.jurisprudencia.gob.sv\/busqueda\/showFile.php?bd=2&amp;data=DocumentosBoveda%2FD%2F2%2F1990-1999%2F1991%2F05%2F891A8.PDF&amp;number=561576&amp;fecha=03\/05\/1991&amp;numero=REGLAMENTO=GENERAL=DE=LA=LEY=DE=LA=CARRERA=JUDICIAL&amp;cesta=0&amp;singlePage=false%27\" target=\"_blank\" rel=\"noreferrer noopener\">REGLAMENTO GENERAL DE LA LEY DE LA CARRERA JUDICIAL<\/a><\/strong><\/strong><\/strong><\/h3>\n<\/div>\n\n\n\n<div class=\"wp-block-column is-layout-flow wp-block-column-is-layout-flow\"><div class=\"wp-block-image\">\n<figure class=\"aligncenter size-full is-resized\"><img loading=\"lazy\" decoding=\"async\" width=\"512\" height=\"512\" src=\"https:\/\/www.jurisprudencia.gob.sv\/ddj\/wp-content\/uploads\/2024\/08\/turn-pages_15307453.png\" alt=\"\" class=\"wp-image-572\" style=\"width:77px;height:auto\" srcset=\"https:\/\/www.jurisprudencia.gob.sv\/ddj\/wp-content\/uploads\/2024\/08\/turn-pages_15307453.png 512w, https:\/\/www.jurisprudencia.gob.sv\/ddj\/wp-content\/uploads\/2024\/08\/turn-pages_15307453-300x300.png 300w, https:\/\/www.jurisprudencia.gob.sv\/ddj\/wp-content\/uploads\/2024\/08\/turn-pages_15307453-150x150.png 150w\" sizes=\"(max-width: 512px) 100vw, 512px\" \/><\/figure><\/div>\n\n\n<h3 class=\"wp-block-heading has-text-align-center\"><strong><strong><a href=\"https:\/\/www.jurisprudencia.gob.sv\/busqueda\/showFile.php?bd=2&amp;data=DocumentosBoveda%2FD%2F2%2F1990-1999%2F1990%2F07%2F8893A.PDF&amp;number=559418&amp;fecha=24\/07\/1990&amp;numero=LEY=DE=LA=CARRERA=JUDICIAL&amp;cesta=0&amp;singlePage=false%27\" target=\"_blank\" rel=\"noreferrer noopener\">LEY DE LA CARRERA JUDICIAL<\/a><\/strong><\/strong><\/h3>\n<\/div>\n\n\n\n<div class=\"wp-block-column is-layout-flow wp-block-column-is-layout-flow\"><div class=\"wp-block-image\">\n<figure class=\"aligncenter size-full is-resized\"><img loading=\"lazy\" decoding=\"async\" width=\"512\" height=\"512\" src=\"https:\/\/www.jurisprudencia.gob.sv\/ddj\/wp-content\/uploads\/2024\/08\/turn-pages_15307453.png\" alt=\"\" class=\"wp-image-572\" style=\"width:75px;height:auto\" srcset=\"https:\/\/www.jurisprudencia.gob.sv\/ddj\/wp-content\/uploads\/2024\/08\/turn-pages_15307453.png 512w, https:\/\/www.jurisprudencia.gob.sv\/ddj\/wp-content\/uploads\/2024\/08\/turn-pages_15307453-300x300.png 300w, https:\/\/www.jurisprudencia.gob.sv\/ddj\/wp-content\/uploads\/2024\/08\/turn-pages_15307453-150x150.png 150w\" sizes=\"(max-width: 512px) 100vw, 512px\" \/><\/figure><\/div>\n\n\n<h3 class=\"wp-block-heading has-text-align-center\"><strong><strong><strong><strong><a href=\"https:\/\/www.jurisprudencia.gob.sv\/busqueda\/showFile.php?bd=2&amp;data=DocumentosBoveda%2FD%2F2%2F1900-1909%2F1900%2F01%2FE88E5.PDF&amp;number=952549&amp;fecha=01\/01\/1900&amp;numero=INSTRUCTIVO=DE=ASUETOS,=VACACIONES=Y=LICENCIAS=DEL=PERSONAL=DEL=ORGANO=JUDICIAL=2019&amp;cesta=0&amp;singlePage=false%27\" target=\"_blank\" rel=\"noreferrer noopener\">INSTRUCTIVO DE ASUETOS, VACACIONES Y LICENCIAS DEL PERSONAL DEL ORGANO JUDICIAL 2019<\/a><\/strong><\/strong><\/strong><\/strong><\/h3>\n<\/div>\n<\/div>\n\n\n\n<div class=\"wp-block-columns is-layout-flex wp-container-core-columns-is-layout-4 wp-block-columns-is-layout-flex\">\n<div class=\"wp-block-column is-layout-flow wp-block-column-is-layout-flow\"><div class=\"wp-block-image\">\n<figure class=\"aligncenter size-full is-resized\"><img loading=\"lazy\" decoding=\"async\" width=\"512\" height=\"512\" src=\"https:\/\/www.jurisprudencia.gob.sv\/ddj\/wp-content\/uploads\/2024\/08\/turn-pages_15307453.png\" alt=\"\" class=\"wp-image-572\" style=\"width:79px;height:auto\" srcset=\"https:\/\/www.jurisprudencia.gob.sv\/ddj\/wp-content\/uploads\/2024\/08\/turn-pages_15307453.png 512w, https:\/\/www.jurisprudencia.gob.sv\/ddj\/wp-content\/uploads\/2024\/08\/turn-pages_15307453-300x300.png 300w, https:\/\/www.jurisprudencia.gob.sv\/ddj\/wp-content\/uploads\/2024\/08\/turn-pages_15307453-150x150.png 150w\" sizes=\"(max-width: 512px) 100vw, 512px\" \/><\/figure><\/div>\n\n\n<h3 class=\"wp-block-heading has-text-align-center\"><strong><strong><strong><a href=\"https:\/\/www.jurisprudencia.gob.sv\/busqueda\/showFile.php?bd=2&amp;data=DocumentosBoveda%2FD%2F2%2F2000-2009%2F2006%2F12%2F89203.PDF&amp;number=561667&amp;fecha=01\/12\/2006&amp;numero=REGLAMENTO=PARA=EL=USO=DE=UNIFORMES=PARA=LOS=EMPLEADOS(AS)=DEL=ORGANO=JUDICIAL&amp;cesta=0&amp;singlePage=false%27\" target=\"_blank\" rel=\"noreferrer noopener\">REGLAMENTO PARA EL USO DE UNIFORMES PARA LOS EMPLEADOS(AS) DEL ORGANO JUDICIAL<\/a><\/strong><\/strong><\/strong><\/h3>\n<\/div>\n\n\n\n<div class=\"wp-block-column is-layout-flow wp-block-column-is-layout-flow\"><div class=\"wp-block-image\">\n<figure class=\"aligncenter size-full is-resized\"><img loading=\"lazy\" decoding=\"async\" width=\"512\" height=\"512\" src=\"https:\/\/www.jurisprudencia.gob.sv\/ddj\/wp-content\/uploads\/2024\/08\/turn-pages_15307453.png\" alt=\"\" class=\"wp-image-572\" style=\"width:79px;height:auto\" srcset=\"https:\/\/www.jurisprudencia.gob.sv\/ddj\/wp-content\/uploads\/2024\/08\/turn-pages_15307453.png 512w, https:\/\/www.jurisprudencia.gob.sv\/ddj\/wp-content\/uploads\/2024\/08\/turn-pages_15307453-300x300.png 300w, https:\/\/www.jurisprudencia.gob.sv\/ddj\/wp-content\/uploads\/2024\/08\/turn-pages_15307453-150x150.png 150w\" sizes=\"(max-width: 512px) 100vw, 512px\" \/><\/figure><\/div>\n\n\n<h3 class=\"wp-block-heading has-text-align-center\"><strong><strong><strong><strong><a href=\"https:\/\/www.jurisprudencia.gob.sv\/busqueda\/showFile.php?bd=2&amp;data=DocumentosBoveda%2FD%2F2%2F1900-1909%2F1900%2F01%2FE88E9.PDF&amp;number=952553&amp;fecha=01\/01\/1900&amp;numero=CONTRATO=COLECTIVO=DE=TRABAJO,=CELEBRADO=ENTRE=EL=ORGANO=JUDICIAL=Y=LOS=SINDICATOS=COALIGADOS=EN=SINDICATO=DE=TRABAJADORAS=Y=TRABAJADORES=DEL=ORGANO=JUDICIAL=(SITTOJ)=Y=SINDICATO=DE=EMPLEADOS=JUDICIALES=SALVADORE%C3%91OS=(SINEJUS)&amp;cesta=0&amp;singlePage=false%27\" target=\"_blank\" rel=\"noreferrer noopener\">CONTRATO COLECTIVO DE TRABAJO, CELEBRADO ENTRE EL ORGANO JUDICIAL Y LOS SINDICATOS COALIGADOS EN SINDICATO DE TRABAJADORAS Y TRABAJADORES DEL ORGANO JUDICIAL (SITTOJ) Y SINDICATO DE EMPLEADOS JUDICIALES SALVADORE\u00d1OS (SINEJUS)<\/a><\/strong><\/strong><\/strong><\/strong><\/h3>\n<\/div>\n\n\n\n<div class=\"wp-block-column is-layout-flow wp-block-column-is-layout-flow\"><div class=\"wp-block-image\">\n<figure class=\"aligncenter size-full is-resized\"><img loading=\"lazy\" decoding=\"async\" width=\"512\" height=\"512\" src=\"https:\/\/www.jurisprudencia.gob.sv\/ddj\/wp-content\/uploads\/2024\/08\/turn-pages_15307453.png\" alt=\"\" class=\"wp-image-572\" style=\"width:77px;height:auto\" srcset=\"https:\/\/www.jurisprudencia.gob.sv\/ddj\/wp-content\/uploads\/2024\/08\/turn-pages_15307453.png 512w, https:\/\/www.jurisprudencia.gob.sv\/ddj\/wp-content\/uploads\/2024\/08\/turn-pages_15307453-300x300.png 300w, https:\/\/www.jurisprudencia.gob.sv\/ddj\/wp-content\/uploads\/2024\/08\/turn-pages_15307453-150x150.png 150w\" sizes=\"(max-width: 512px) 100vw, 512px\" \/><\/figure><\/div>\n\n\n<h3 class=\"wp-block-heading has-text-align-center\"><strong><strong><strong><a href=\"https:\/\/www.jurisprudencia.gob.sv\/busqueda\/showFile.php?bd=2&amp;data=DocumentosBoveda%2FD%2F2%2F2010-2019%2F2010%2F03%2F99A95.PDF&amp;number=629397&amp;fecha=01\/03\/2010&amp;numero=INSTRUCTIVO=DE=MEDIDAS=DISCIPLINARIAS=DEL=PERSONAL=DE=LA=CORTE=SUPREMA=DE=JUSTICIA=E=INSTITUTO=DE=MEDICINA=LEGAL&amp;cesta=0&amp;singlePage=false%27\" target=\"_blank\" rel=\"noreferrer noopener\">INSTRUCTIVO DE MEDIDAS DISCIPLINARIAS DEL PERSONAL DE LA CORTE SUPREMA DE JUSTICIA E INSTITUTO DE MEDICINA LEGAL<\/a><\/strong><\/strong><\/strong><\/h3>\n<\/div>\n\n\n\n<div class=\"wp-block-column is-layout-flow wp-block-column-is-layout-flow\"><div class=\"wp-block-image\">\n<figure class=\"aligncenter size-full is-resized\"><img loading=\"lazy\" decoding=\"async\" width=\"512\" height=\"512\" src=\"https:\/\/www.jurisprudencia.gob.sv\/ddj\/wp-content\/uploads\/2024\/08\/turn-pages_15307453.png\" alt=\"\" class=\"wp-image-572\" style=\"width:75px;height:auto\" srcset=\"https:\/\/www.jurisprudencia.gob.sv\/ddj\/wp-content\/uploads\/2024\/08\/turn-pages_15307453.png 512w, https:\/\/www.jurisprudencia.gob.sv\/ddj\/wp-content\/uploads\/2024\/08\/turn-pages_15307453-300x300.png 300w, https:\/\/www.jurisprudencia.gob.sv\/ddj\/wp-content\/uploads\/2024\/08\/turn-pages_15307453-150x150.png 150w\" sizes=\"(max-width: 512px) 100vw, 512px\" \/><\/figure><\/div>\n\n\n<h3 class=\"wp-block-heading has-text-align-center\"><strong><strong><strong><a href=\"https:\/\/www.jurisprudencia.gob.sv\/busqueda\/showFile.php?bd=2&amp;data=DocumentosBoveda%2FD%2F2%2F2000-2009%2F2006%2F12%2F88865.PDF&amp;number=559205&amp;fecha=01\/12\/2006&amp;numero=INSTRUCTIVO=PARA=EL=USO=Y=PORTACION=DEL=CARNET=DE=IDENTIFICACION=PARA=LOS=EMPLEADOS=DEL=ORGANO=JUDICIAL&amp;cesta=0&amp;singlePage=false%27\" target=\"_blank\" rel=\"noreferrer noopener\">INSTRUCTIVO PARA EL USO Y PORTACION DEL CARNET DE IDENTIFICACION PARA LOS EMPLEADOS DEL \u00d3RGANO JUDICIAL<\/a><\/strong><\/strong><\/strong><\/h3>\n<\/div>\n<\/div>\n\n\n\n<div class=\"wp-block-columns is-layout-flex wp-container-core-columns-is-layout-5 wp-block-columns-is-layout-flex\">\n<div class=\"wp-block-column is-layout-flow wp-block-column-is-layout-flow\"><div class=\"wp-block-image\">\n<figure class=\"aligncenter size-full is-resized\"><img loading=\"lazy\" decoding=\"async\" width=\"512\" height=\"512\" src=\"https:\/\/www.jurisprudencia.gob.sv\/ddj\/wp-content\/uploads\/2024\/08\/turn-pages_15307453.png\" alt=\"\" class=\"wp-image-572\" style=\"width:79px;height:auto\" srcset=\"https:\/\/www.jurisprudencia.gob.sv\/ddj\/wp-content\/uploads\/2024\/08\/turn-pages_15307453.png 512w, https:\/\/www.jurisprudencia.gob.sv\/ddj\/wp-content\/uploads\/2024\/08\/turn-pages_15307453-300x300.png 300w, https:\/\/www.jurisprudencia.gob.sv\/ddj\/wp-content\/uploads\/2024\/08\/turn-pages_15307453-150x150.png 150w\" sizes=\"(max-width: 512px) 100vw, 512px\" \/><\/figure><\/div>\n\n\n<h3 class=\"wp-block-heading has-text-align-center\"><strong><strong><strong><a href=\"https:\/\/www.jurisprudencia.gob.sv\/busqueda\/showFile.php?bd=2&amp;data=DocumentosBoveda%2FD%2F2%2F1960-1969%2F1968%2F07%2F891C1.PDF&amp;number=561601&amp;fecha=08\/07\/1968&amp;numero=REGLAMENTO=INTERNO=DE=LA=CORTE=SUPREMA=DE=JUSTICIA&amp;cesta=0&amp;singlePage=false%27\" target=\"_blank\" rel=\"noreferrer noopener\">REGLAMENTO INTERNO DE LA CORTE SUPREMA DE JUSTICIA<\/a><\/strong><\/strong><\/strong><\/h3>\n<\/div>\n\n\n\n<div class=\"wp-block-column is-layout-flow wp-block-column-is-layout-flow\"><div class=\"wp-block-image\">\n<figure class=\"aligncenter size-full is-resized\"><img loading=\"lazy\" decoding=\"async\" width=\"512\" height=\"512\" src=\"https:\/\/www.jurisprudencia.gob.sv\/ddj\/wp-content\/uploads\/2024\/08\/turn-pages_15307453.png\" alt=\"\" class=\"wp-image-572\" style=\"width:79px;height:auto\" srcset=\"https:\/\/www.jurisprudencia.gob.sv\/ddj\/wp-content\/uploads\/2024\/08\/turn-pages_15307453.png 512w, https:\/\/www.jurisprudencia.gob.sv\/ddj\/wp-content\/uploads\/2024\/08\/turn-pages_15307453-300x300.png 300w, https:\/\/www.jurisprudencia.gob.sv\/ddj\/wp-content\/uploads\/2024\/08\/turn-pages_15307453-150x150.png 150w\" sizes=\"(max-width: 512px) 100vw, 512px\" \/><\/figure><\/div>\n\n\n<h3 class=\"wp-block-heading has-text-align-center\"><strong><strong><strong><a href=\"https:\/\/www.jurisprudencia.gob.sv\/busqueda\/showFile.php?bd=2&amp;data=DocumentosBoveda%2FD%2F2%2F2010-2019%2F2014%2F12%2FABF21.PDF&amp;number=704289&amp;fecha=19\/12\/2014&amp;numero=REGLAMENTO=INTERNO=DEL=INSTITUTO=DE=MEDICINA=LEGAL&amp;cesta=0&amp;singlePage=false%27\" target=\"_blank\" rel=\"noreferrer noopener\">REGLAMENTO INTERNO DEL INSTITUTO DE MEDICINA LEGAL<\/a><\/strong><\/strong><\/strong><\/h3>\n<\/div>\n\n\n\n<div class=\"wp-block-column is-layout-flow wp-block-column-is-layout-flow\"><div class=\"wp-block-image\">\n<figure class=\"aligncenter size-full is-resized\"><img loading=\"lazy\" decoding=\"async\" width=\"512\" height=\"512\" src=\"https:\/\/www.jurisprudencia.gob.sv\/ddj\/wp-content\/uploads\/2024\/08\/turn-pages_15307453.png\" alt=\"\" class=\"wp-image-572\" style=\"width:77px;height:auto\" srcset=\"https:\/\/www.jurisprudencia.gob.sv\/ddj\/wp-content\/uploads\/2024\/08\/turn-pages_15307453.png 512w, https:\/\/www.jurisprudencia.gob.sv\/ddj\/wp-content\/uploads\/2024\/08\/turn-pages_15307453-300x300.png 300w, https:\/\/www.jurisprudencia.gob.sv\/ddj\/wp-content\/uploads\/2024\/08\/turn-pages_15307453-150x150.png 150w\" sizes=\"(max-width: 512px) 100vw, 512px\" \/><\/figure><\/div>\n\n\n<h3 class=\"wp-block-heading has-text-align-center\"><strong><strong><strong><a href=\"https:\/\/www.jurisprudencia.gob.sv\/busqueda\/showFile.php?bd=2&amp;data=DocumentosBoveda%2FD%2F2%2F2020-2029%2F2025%2F08%2F10D3D4.PDF&amp;number=1102804&amp;fecha=27\/08\/2025&amp;numero=REGLAMENTO=DE=NORMAS=TECNICAS=DE=CONTROL=INTERNO=ESPECIFICAS=DEL=ORGANO=JUDICIAL&amp;cesta=0&amp;singlePage=false%27\" target=\"_blank\" rel=\"noreferrer noopener\">REGLAMENTO DE NORMAS T\u00c9CNICAS DE CONTROL INTERNO ESPEC\u00cdFICAS DEL \u00d3RGANO JUDICIAL<\/a><\/strong><\/strong><\/strong><\/h3>\n<\/div>\n\n\n\n<div class=\"wp-block-column is-layout-flow wp-block-column-is-layout-flow\"><div class=\"wp-block-image\">\n<figure class=\"aligncenter size-full is-resized\"><img loading=\"lazy\" decoding=\"async\" width=\"512\" height=\"512\" src=\"https:\/\/www.jurisprudencia.gob.sv\/ddj\/wp-content\/uploads\/2024\/08\/turn-pages_15307453.png\" alt=\"\" class=\"wp-image-572\" style=\"width:75px;height:auto\" srcset=\"https:\/\/www.jurisprudencia.gob.sv\/ddj\/wp-content\/uploads\/2024\/08\/turn-pages_15307453.png 512w, https:\/\/www.jurisprudencia.gob.sv\/ddj\/wp-content\/uploads\/2024\/08\/turn-pages_15307453-300x300.png 300w, https:\/\/www.jurisprudencia.gob.sv\/ddj\/wp-content\/uploads\/2024\/08\/turn-pages_15307453-150x150.png 150w\" sizes=\"(max-width: 512px) 100vw, 512px\" \/><\/figure><\/div>\n\n\n<h3 class=\"wp-block-heading\"><strong><strong><strong><a href=\"https:\/\/www.jurisprudencia.gob.sv\/busqueda\/showFile.php?bd=2&amp;data=DocumentosBoveda%2FD%2F2%2F1900-1909%2F1900%2F01%2FDFB41.PDF&amp;number=916289&amp;fecha=01\/01\/1900&amp;numero=MANUAL=DE=CLASIFICACION=DE=CARGOS=DEL=ORGANO=JUDICIAL&amp;cesta=0&amp;singlePage=false%27\" target=\"_blank\" rel=\"noreferrer noopener\">MANUAL DE CLASIFICACION DE CARGOS DEL ORGANO JUDICIAL<\/a><\/strong><\/strong><\/strong><\/h3>\n<\/div>\n<\/div>\n\n\n\n<hr class=\"wp-block-separator has-alpha-channel-opacity\"\/>\n\n\n\n<div class=\"wp-block-cover alignfull is-light\" style=\"min-height:96px;aspect-ratio:unset;\"><span aria-hidden=\"true\" class=\"wp-block-cover__background has-nv-light-bg-background-color has-background-dim-100 has-background-dim\"><\/span><div class=\"wp-block-cover__inner-container is-layout-flow wp-block-cover-is-layout-flow\">\n<div style=\"height:50px\" aria-hidden=\"true\" class=\"wp-block-spacer\"><\/div>\n<\/div><\/div>\n","protected":false},"excerpt":{"rendered":"<p>El Departamento de Documentaci\u00f3n Judicial pone a su disposici\u00f3n la Legislaci\u00f3n en materia Judicial ingresada a sus bases de datos, seg\u00fan publicaci\u00f3n del Diario Oficial. INSTRUCTIVO PARA EL EXAMEN DE SUFICIENCIA PARA LOS ABOGADOS ASPIRANTES A LA AUTORIZACION DEL EJERCICIO DE LA FUNCION PUBLICA NOTARIAL EN LINEA REGLAS BASICAS Y CONDICIONES PARA EL USO DEL&hellip;&nbsp;<a href=\"https:\/\/www.jurisprudencia.gob.sv\/ddj\/legislacion-judicial\/\" class=\"\" rel=\"bookmark\">Read More &raquo;<span class=\"screen-reader-text\">Legislaci\u00f3n Judicial<\/span><\/a><\/p>\n","protected":false},"author":1,"featured_media":0,"parent":0,"menu_order":0,"comment_status":"closed","ping_status":"closed","template":"","meta":{"neve_meta_sidebar":"full-width","neve_meta_container":"contained","neve_meta_enable_content_width":"on","neve_meta_content_width":100,"neve_meta_title_alignment":"","neve_meta_author_avatar":"","neve_post_elements_order":"","neve_meta_disable_header":"","neve_meta_disable_footer":"","neve_meta_disable_title":"on","_themeisle_gutenberg_block_has_review":false,"_ti_tpc_template_sync":false,"_ti_tpc_template_id":"","footnotes":""},"_links":{"self":[{"href":"https:\/\/www.jurisprudencia.gob.sv\/ddj\/wp-json\/wp\/v2\/pages\/183"}],"collection":[{"href":"https:\/\/www.jurisprudencia.gob.sv\/ddj\/wp-json\/wp\/v2\/pages"}],"about":[{"href":"https:\/\/www.jurisprudencia.gob.sv\/ddj\/wp-json\/wp\/v2\/types\/page"}],"author":[{"embeddable":true,"href":"https:\/\/www.jurisprudencia.gob.sv\/ddj\/wp-json\/wp\/v2\/users\/1"}],"replies":[{"embeddable":true,"href":"https:\/\/www.jurisprudencia.gob.sv\/ddj\/wp-json\/wp\/v2\/comments?post=183"}],"version-history":[{"count":6,"href":"https:\/\/www.jurisprudencia.gob.sv\/ddj\/wp-json\/wp\/v2\/pages\/183\/revisions"}],"predecessor-version":[{"id":1072,"href":"https:\/\/www.jurisprudencia.gob.sv\/ddj\/wp-json\/wp\/v2\/pages\/183\/revisions\/1072"}],"wp:attachment":[{"href":"https:\/\/www.jurisprudencia.gob.sv\/ddj\/wp-json\/wp\/v2\/media?parent=183"}],"curies":[{"name":"wp","href":"https:\/\/api.w.org\/{rel}","templated":true}]}}